{"id":143,"date":"2023-02-03T18:51:12","date_gmt":"2023-02-03T18:51:12","guid":{"rendered":"https:\/\/scherzomusiccentre.com\/?page_id=143"},"modified":"2024-11-25T08:28:38","modified_gmt":"2024-11-25T08:28:38","slug":"alquiler-salas-de-estudio-en-reus","status":"publish","type":"page","link":"https:\/\/scherzomusiccentre.com\/ca\/alquiler-salas-de-estudio-en-reus\/","title":{"rendered":"Alquiler salas de estudio en Reus Tarragona"},"content":{"rendered":"<p>[et_pb_section fb_built=\u00bb1&#8243; custom_padding_last_edited=\u00bbon|tablet\u00bb _builder_version=\u00bb4.19.5&#8243; _module_preset=\u00bbdefault\u00bb background_image=\u00bbhttps:\/\/scherzomusiccentre.com\/wp-content\/uploads\/2023\/02\/alquiler-salas-estudio-musica-1.jpg\u00bb custom_padding=\u00bb49vh||0px||false|false\u00bb custom_padding_tablet=\u00bb36vh||||false|false\u00bb custom_padding_phone=\u00bb21vh||||false|false\u00bb locked=\u00bboff\u00bb global_colors_info=\u00bb{}\u00bb][et_pb_row _builder_version=\u00bb4.19.5&#8243; _module_preset=\u00bbdefault\u00bb background_color=\u00bbrgba(255,255,255,0.82)\u00bb custom_padding=\u00bb|1em||1em|false|true\u00bb global_colors_info=\u00bb{}\u00bb][et_pb_column type=\u00bb4_4&#8243; _builder_version=\u00bb4.19.5&#8243; _module_preset=\u00bbdefault\u00bb global_colors_info=\u00bb{}\u00bb][et_pb_text _builder_version=\u00bb4.19.5&#8243; _module_preset=\u00bbdefault\u00bb text_font=\u00bb|600|||||||\u00bb text_text_color=\u00bb#333333&#8243; text_font_size=\u00bb20px\u00bb header_font=\u00bb|700||on|||||\u00bb header_text_align=\u00bbcenter\u00bb header_line_height=\u00bb1.2em\u00bb header_2_font=\u00bb|||on|||||\u00bb text_orientation=\u00bbcenter\u00bb header_font_size_tablet=\u00bb\u00bb header_font_size_phone=\u00bb20px\u00bb header_font_size_last_edited=\u00bbon|phone\u00bb global_colors_info=\u00bb{}\u00bb]<\/p>\n<h1>Lloguer de sales d\u00b4estudi<\/h1>\n<p>Servei de <strong>lloguer de sales d'estudi a Reus<\/strong>\u00a0para ensayo de piano e instrumentos en general, con insonorizaci\u00f3n y privacidad para ensayar en tranquilidad.[\/et_pb_text][et_pb_button button_url=\u00bb@ET-DC@eyJkeW5hbWljIjp0cnVlLCJjb250ZW50IjoicG9zdF9saW5rX3VybF9wYWdlIiwic2V0dGluZ3MiOnsicG9zdF9pZCI6IjM5OSJ9fQ==@\u00bb button_text=\u00bbVer disponibilidad\u00bb button_alignment=\u00bbcenter\u00bb _builder_version=\u00bb4.20.2&#8243; _dynamic_attributes=\u00bbbutton_url\u00bb custom_button=\u00bbon\u00bb button_text_size=\u00bb12px\u00bb button_text_color=\u00bb#FFFFFF\u00bb button_bg_color=\u00bb#e0000f\u00bb button_border_width=\u00bb0px\u00bb button_border_radius=\u00bb0px\u00bb button_letter_spacing=\u00bb4px\u00bb button_font=\u00bb|700||on|||||\u00bb custom_margin=\u00bb2em||1em||false|false\u00bb custom_margin_tablet=\u00bb||60px||false|false\u00bb custom_margin_phone=\u00bb\u00bb custom_margin_last_edited=\u00bbon|tablet\u00bb custom_padding=\u00bb18px|30px|18px|30px|true|true\u00bb box_shadow_style=\u00bbpreset3&#8243; box_shadow_vertical=\u00bb47px\u00bb box_shadow_blur=\u00bb48px\u00bb box_shadow_spread=\u00bb0px\u00bb box_shadow_color=\u00bbrgba(100,146,188,0.15)\u00bb locked=\u00bboff\u00bb global_colors_info=\u00bb{}\u00bb][\/et_pb_button][\/et_pb_column][\/et_pb_row][\/et_pb_section][et_pb_section fb_built=\u00bb1&#8243; admin_label=\u00bbHeader\u00bb _builder_version=\u00bb4.16&#8243; background_color=\u00bb#f6f0ee\u00bb custom_padding=\u00bb0px||0px||true|false\u00bb locked=\u00bboff\u00bb global_colors_info=\u00bb{}\u00bb][et_pb_row column_structure=\u00bb2_3,1_3&#8243; custom_padding_last_edited=\u00bbon|phone\u00bb _builder_version=\u00bb4.19.5&#8243; background_color=\u00bb#ffffff\u00bb custom_padding=\u00bb60px|60px|0px|60px|false|true\u00bb custom_padding_tablet=\u00bb\u00bb custom_padding_phone=\u00bb|30px||30px|false|true\u00bb global_colors_info=\u00bb{}\u00bb][et_pb_column type=\u00bb2_3&#8243; _builder_version=\u00bb4.16&#8243; global_colors_info=\u00bb{}\u00bb][et_pb_text _builder_version=\u00bb4.19.5&#8243; text_font_size=\u00bb16px\u00bb text_line_height=\u00bb1.8em\u00bb header_font=\u00bbInria Serif|700|||||||\u00bb header_text_color=\u00bb#000000&#8243; header_font_size=\u00bb70px\u00bb header_line_height=\u00bb1.2em\u00bb max_width=\u00bb800px\u00bb custom_margin=\u00bb||||false|false\u00bb text_font_size_tablet=\u00bb\u00bb text_font_size_phone=\u00bb14px\u00bb text_font_size_last_edited=\u00bbon|phone\u00bb header_font_size_tablet=\u00bb48px\u00bb header_font_size_phone=\u00bb24px\u00bb header_font_size_last_edited=\u00bbon|phone\u00bb locked=\u00bboff\u00bb global_colors_info=\u00bb{}\u00bb]Disponemos de salas de estudio equipadas con uno o dos pianos de pared, atriles, sillas, reposapi\u00e9s de guitarra, espejos, aire acondicionado y luces con intensidad y calidez regulables para potenciar la concentraci\u00f3n. Son espacios aislados ac\u00fasticamente pensados \u200b\u200bpara el estudio individual de cualquier instrumento o formaciones de c\u00e1mara.<\/p>\n<h2>Raons per llogar sales d'estudi a Reus<\/h2>\n<p>El lloguer de sales estudi a Reus \u00e9s destinat a aquelles persones que:<\/p>\n<ul>\n<li>no disposen d'un piano ac\u00fastic a casa,<\/li>\n<li>pateixen problemes de concentraci\u00f3,<\/li>\n<li>\u00a0poden causar mol\u00e8sties als seus ve\u00efns<\/li>\n<li>els costa de trobar un moment per poder estudiar l'instrument.<\/li>\n<\/ul>\n<p>&nbsp;<br \/>\n[\/et_pb_text][\/et_pb_column][et_pb_column type=\u00bb1_3&#8243; _builder_version=\u00bb4.19.5&#8243; global_colors_info=\u00bb{}\u00bb][et_pb_text _builder_version=\u00bb4.19.5&#8243; text_font_size=\u00bb16px\u00bb text_line_height=\u00bb1.8em\u00bb header_font=\u00bbInria Serif|700|||||||\u00bb header_text_color=\u00bb#000000&#8243; header_font_size=\u00bb70px\u00bb header_line_height=\u00bb1.2em\u00bb max_width=\u00bb800px\u00bb custom_margin=\u00bb||||false|false\u00bb text_font_size_tablet=\u00bb\u00bb text_font_size_phone=\u00bb14px\u00bb text_font_size_last_edited=\u00bbon|phone\u00bb header_font_size_tablet=\u00bb48px\u00bb header_font_size_phone=\u00bb24px\u00bb header_font_size_last_edited=\u00bbon|phone\u00bb locked=\u00bboff\u00bb global_colors_info=\u00bb{}\u00bb]<\/p>\n<h2>Sales d'assaig per a grups de cambra<\/h2>\n<p>Les nostres sales s\u00f3n ideals per a formacions de cambra que no troben un espai on poder reunir-se per estudiar o assajar.<br \/>\n[\/et_pb_text][et_pb_cta title=\u00bbReservas\u00bb button_url=\u00bb@ET-DC@eyJkeW5hbWljIjp0cnVlLCJjb250ZW50IjoicG9zdF9saW5rX3VybF9wYWdlIiwic2V0dGluZ3MiOnsicG9zdF9pZCI6IjM5OSJ9fQ==@\u00bb button_text=\u00bbReservar\u00bb _builder_version=\u00bb4.20.2&#8243; _dynamic_attributes=\u00bbbutton_url\u00bb _module_preset=\u00bbdefault\u00bb header_font=\u00bb|||on|||||\u00bb header_text_color=\u00bb#FFFFFF\u00bb body_font=\u00bb|600|||||||\u00bb body_text_color=\u00bb#FFFFFF\u00bb background_color=\u00bb#E02B20&#8243; custom_button=\u00bbon\u00bb button_text_size=\u00bb15px\u00bb button_text_color=\u00bb#FFFFFF\u00bb button_bg_color=\u00bb#000000&#8243; button_border_radius=\u00bb0px\u00bb sticky_position=\u00bbtop\u00bb sticky_limit_bottom=\u00bbrow\u00bb global_colors_info=\u00bb{}\u00bb]<\/p>\n<p>Lloguer disponible de dilluns a diumenge de 9h a 20h amb reserva pr\u00e8via.<\/p>\n<p>[\/et_pb_cta][\/et_pb_column][\/et_pb_row][et_pb_row column_structure=\u00bb1_3,1_3,1_3&#8243; use_custom_gutter=\u00bbon\u00bb gutter_width=\u00bb2&#8243; make_equal=\u00bbon\u00bb _builder_version=\u00bb4.19.5&#8243; _module_preset=\u00bbdefault\u00bb locked=\u00bboff\u00bb global_colors_info=\u00bb{}\u00bb][et_pb_column type=\u00bb1_3&#8243; _builder_version=\u00bb4.19.5&#8243; _module_preset=\u00bbdefault\u00bb global_colors_info=\u00bb{}\u00bb][et_pb_text _builder_version=\u00bb4.19.5&#8243; _module_preset=\u00bbdefault\u00bb text_text_color=\u00bb#FFFFFF\u00bb header_3_font=\u00bb|||on|||||\u00bb header_3_text_color=\u00bb#FFFFFF\u00bb background_color=\u00bbgcid-8309e24f-ecdf-4d3c-bb9b-3a12c60bd71b\u00bb text_orientation=\u00bbcenter\u00bb min_height=\u00bb300px\u00bb animation_style=\u00bbslide\u00bb hover_transition_duration=\u00bb600ms\u00bb custom_css_main_element=\u00bbdisplay:flex;justify-content:center;align-items:center;\u00bb global_colors_info=\u00bb{%22gcid-8309e24f-ecdf-4d3c-bb9b-3a12c60bd71b%22:%91%22background_color%22%93}\u00bb background__hover_enabled=\u00bbon|hover\u00bb background_color__hover=\u00bb#000000&#8243; background_enable_color__hover=\u00bbon\u00bb]<\/p>\n<h3>Sales climatitzades<\/h3>\n<p>No deixis que et distregui res. Les nostres sales s\u00f3n climatitzades, amb aire condicionat perqu\u00e8 et concentris en all\u00f2 que importa.<br \/>\n[\/et_pb_text][\/et_pb_column][et_pb_column type=\u00bb1_3&#8243; _builder_version=\u00bb4.19.5&#8243; _module_preset=\u00bbdefault\u00bb global_colors_info=\u00bb{}\u00bb][et_pb_text _builder_version=\u00bb4.19.5&#8243; _module_preset=\u00bbdefault\u00bb text_text_color=\u00bb#FFFFFF\u00bb header_3_font=\u00bb|||on|||||\u00bb header_3_text_color=\u00bb#FFFFFF\u00bb background_color=\u00bbgcid-8309e24f-ecdf-4d3c-bb9b-3a12c60bd71b\u00bb text_orientation=\u00bbcenter\u00bb min_height=\u00bb300px\u00bb custom_padding=\u00bb1em|1em|1em|1em|true|true\u00bb animation_style=\u00bbslide\u00bb hover_transition_duration=\u00bb600ms\u00bb custom_css_main_element=\u00bbdisplay:flex;justify-content:center;align-items:center;\u00bb global_colors_info=\u00bb{%22gcid-8309e24f-ecdf-4d3c-bb9b-3a12c60bd71b%22:%91%22background_color%22,%22background_color%22%93}\u00bb background_color__hover=\u00bb#000000&#8243; background__hover_enabled=\u00bbon|hover\u00bb background_enable_color__hover=\u00bbon\u00bb]<\/p>\n<h3>Sales insonoritzades<\/h3>\n<p>Gaudeix de practicar piano o del teu instrument favorit, sense interrupcions, sense sorolls molestos i sense preocupar-te per mol\u00e8sties als teus ve\u00efns<br \/>\n[\/et_pb_text][\/et_pb_column][et_pb_column type=\u00bb1_3&#8243; _builder_version=\u00bb4.19.5&#8243; _module_preset=\u00bbdefault\u00bb global_colors_info=\u00bb{}\u00bb][et_pb_text _builder_version=\u00bb4.19.5&#8243; _module_preset=\u00bbdefault\u00bb text_text_color=\u00bb#FFFFFF\u00bb header_3_font=\u00bb|||on|||||\u00bb header_3_text_color=\u00bb#FFFFFF\u00bb background_color=\u00bbgcid-8309e24f-ecdf-4d3c-bb9b-3a12c60bd71b\u00bb text_orientation=\u00bbcenter\u00bb min_height=\u00bb300px\u00bb animation_style=\u00bbslide\u00bb hover_transition_duration=\u00bb600ms\u00bb custom_css_main_element=\u00bbdisplay:flex;justify-content:center;align-items:center;\u00bb global_colors_info=\u00bb{%22gcid-8309e24f-ecdf-4d3c-bb9b-3a12c60bd71b%22:%91%22background_color%22,%22background_color%22%93}\u00bb background_color__hover=\u00bb#000000&#8243; background__hover_enabled=\u00bbon|hover\u00bb background_enable_color__hover=\u00bbon\u00bb]<\/p>\n<h3>Assaig amb piano ac\u00fastic<\/h3>\n<p>Practica amb un piano de deb\u00f2, sense haver de preocupar-te pel soroll ni haver de comprar i mantenir un piano.<br \/>\n[\/et_pb_text][\/et_pb_column][\/et_pb_row][et_pb_row column_structure=\u00bb1_3,1_3,1_3&#8243; use_custom_gutter=\u00bbon\u00bb gutter_width=\u00bb2&#8243; make_equal=\u00bbon\u00bb _builder_version=\u00bb4.19.5&#8243; _module_preset=\u00bbdefault\u00bb locked=\u00bboff\u00bb global_colors_info=\u00bb{}\u00bb][et_pb_column type=\u00bb1_3&#8243; _builder_version=\u00bb4.19.5&#8243; _module_preset=\u00bbdefault\u00bb global_colors_info=\u00bb{}\u00bb][et_pb_text _builder_version=\u00bb4.19.5&#8243; _module_preset=\u00bbdefault\u00bb text_text_color=\u00bb#FFFFFF\u00bb header_3_font=\u00bb|||on|||||\u00bb header_3_text_color=\u00bb#FFFFFF\u00bb background_color=\u00bb#0C71C3&#8243; text_orientation=\u00bbcenter\u00bb min_height=\u00bb300px\u00bb custom_padding=\u00bb1em|1em|1em|1em|true|true\u00bb animation_style=\u00bbslide\u00bb custom_css_main_element=\u00bbdisplay:flex;justify-content:center;align-items:center;\u00bb global_colors_info=\u00bb{%22gcid-e29bca70-f513-4631-9de3-185db3f30c40%22:%91%22background_color%22%93}\u00bb]<\/p>\n<h3>Horari<\/h3>\n<p>De dilluns a divendres<\/p>\n<p>9-13 y 15-20<\/p>\n<p>Dissabte<br \/>10-13 16-20<\/p>\n<p>Diumenge<br \/>10-13 16-20<\/p>\n<p>[\/et_pb_text][\/et_pb_column][et_pb_column type=\u00bb1_3&#8243; _builder_version=\u00bb4.19.5&#8243; _module_preset=\u00bbdefault\u00bb global_colors_info=\u00bb{}\u00bb][et_pb_text _builder_version=\u00bb4.27.3&#8243; _module_preset=\u00bbdefault\u00bb text_text_color=\u00bb#FFFFFF\u00bb header_3_font=\u00bb|||on|||||\u00bb header_3_text_color=\u00bb#FFFFFF\u00bb background_color=\u00bb#000000&#8243; text_orientation=\u00bbcenter\u00bb min_height=\u00bb300px\u00bb custom_padding=\u00bb1em|1em|1em|1em|true|true\u00bb animation_style=\u00bbslide\u00bb hover_enabled=\u00bb0&#8243; custom_css_main_element=\u00bbdisplay:flex;justify-content:center;align-items:center;\u00bb global_colors_info=\u00bb{}\u00bb sticky_enabled=\u00bb0&#8243;]<\/p>\n<h3>Preus<\/h3>\n<p>De dilluns a divendres i dissabtes al mat\u00ed<\/p>\n<p>7 \u202f\u20ac \/ hora<br \/>Pack 4 hores 25\u20ac<\/p>\n<p>Dissabte a la tarda i Diumenge<br \/>10\u20ac \/ hora<\/p>\n<p>[\/et_pb_text][\/et_pb_column][et_pb_column type=\u00bb1_3&#8243; _builder_version=\u00bb4.19.5&#8243; _module_preset=\u00bbdefault\u00bb global_colors_info=\u00bb{}\u00bb][et_pb_text _builder_version=\u00bb4.24.2&#8243; _module_preset=\u00bbdefault\u00bb text_text_color=\u00bb#FFFFFF\u00bb header_3_font=\u00bb|||on|||||\u00bb header_3_text_color=\u00bb#FFFFFF\u00bb background_color=\u00bb#e02b20&#8243; text_orientation=\u00bbcenter\u00bb min_height=\u00bb300px\u00bb custom_padding=\u00bb1em|1em|1em|1em|true|true\u00bb animation_style=\u00bbslide\u00bb custom_css_main_element=\u00bbdisplay:flex;justify-content:center;align-items:center;\u00bb global_colors_info=\u00bb{}\u00bb]<\/p>\n<h3>Bono IL\u00b7LIMITAT mensual<\/h3>\n<p>Acc\u00e9s a la sala d'assaig <strong>tantes vegades com es desitja<\/strong> tot el mes de Dilluns a Divendres.<br \/><strong>M\u00e0xim 90 minuts seguits,<\/strong><br \/>Pausa m\u00ednima entre sessions: 30 minuts.<br \/><span style=\"font-size: 20px; line-height: 2em;\">45\u20ac \/ m\u00e9s<\/span><\/p>\n<p>[\/et_pb_text][\/et_pb_column][\/et_pb_row][et_pb_row _builder_version=\u00bb4.19.5&#8243; _module_preset=\u00bbdefault\u00bb width=\u00bb100%\u00bb module_alignment=\u00bbcenter\u00bb global_colors_info=\u00bb{}\u00bb][et_pb_column type=\u00bb4_4&#8243; _builder_version=\u00bb4.19.5&#8243; _module_preset=\u00bbdefault\u00bb global_colors_info=\u00bb{}\u00bb][et_pb_code _builder_version=\u00bb4.19.5&#8243; _module_preset=\u00bbdefault\u00bb global_colors_info=\u00bb{}\u00bb][\/et_pb_code][\/et_pb_column][\/et_pb_row][\/et_pb_section][et_pb_section fb_built=\u00bb1&#8243; admin_label=\u00bbCall To Action\u00bb _builder_version=\u00bb4.16&#8243; background_color=\u00bb#f6f0ee\u00bb locked=\u00bboff\u00bb global_colors_info=\u00bb{}\u00bb][et_pb_row custom_padding_last_edited=\u00bbon|phone\u00bb _builder_version=\u00bb4.16&#8243; background_color=\u00bb#ffffff\u00bb custom_padding=\u00bb100px|40px|100px|40px|true|true\u00bb custom_padding_tablet=\u00bb50px||||false|false\u00bb custom_padding_phone=\u00bb|20px||20px|false|true\u00bb global_colors_info=\u00bb{}\u00bb][et_pb_column type=\u00bb4_4&#8243; _builder_version=\u00bb4.16&#8243; global_colors_info=\u00bb{}\u00bb][et_pb_text _builder_version=\u00bb4.19.5&#8243; header_2_font=\u00bbInria Serif|700|||||||\u00bb header_2_text_color=\u00bb#000000&#8243; header_2_font_size=\u00bb80px\u00bb header_2_line_height=\u00bb1.1em\u00bb header_3_font=\u00bb|700||on|||||\u00bb header_3_font_size=\u00bb14px\u00bb header_3_letter_spacing=\u00bb4px\u00bb header_3_line_height=\u00bb1.8em\u00bb text_orientation=\u00bbcenter\u00bb header_2_font_size_tablet=\u00bb50px\u00bb header_2_font_size_phone=\u00bb30px\u00bb header_2_font_size_last_edited=\u00bbon|phone\u00bb global_colors_info=\u00bb{}\u00bb]<\/p>\n<h3>Reserva la teva sala d'estudi a Reus Tarragona<\/h3>\n<p>[\/et_pb_text][et_pb_text _builder_version=\u00bb4.19.5&#8243; text_font=\u00bbInria Serif|700|||||||\u00bb text_text_color=\u00bb#fa6400&#8243; text_font_size=\u00bb80px\u00bb text_line_height=\u00bb1.1em\u00bb text_orientation=\u00bbcenter\u00bb text_font_size_tablet=\u00bb60px\u00bb text_font_size_phone=\u00bb50px\u00bb text_font_size_last_edited=\u00bbon|desktop\u00bb global_colors_info=\u00bb{}\u00bb]Contacta con nosotros y reserva tu sala<br \/>\n[\/et_pb_text][et_pb_button button_url=\u00bb@ET-DC@eyJkeW5hbWljIjp0cnVlLCJjb250ZW50IjoicG9zdF9saW5rX3VybF9wYWdlIiwic2V0dGluZ3MiOnsicG9zdF9pZCI6IjM5OSJ9fQ==@\u00bb button_text=\u00bbReservas\u00bb button_alignment=\u00bbcenter\u00bb _builder_version=\u00bb4.20.2&#8243; _dynamic_attributes=\u00bbbutton_url\u00bb _module_preset=\u00bbdefault\u00bb custom_button=\u00bbon\u00bb button_text_color=\u00bb#FFFFFF\u00bb button_bg_color=\u00bb#FA6400&#8243; global_colors_info=\u00bb{}\u00bb][\/et_pb_button][\/et_pb_column][\/et_pb_row][\/et_pb_section][et_pb_section fb_built=\u00bb1&#8243; admin_label=\u00bbRegistration\u00bb _builder_version=\u00bb4.16&#8243; background_color=\u00bb#f6f0ee\u00bb custom_padding=\u00bb0px||0px||true|false\u00bb global_colors_info=\u00bb{}\u00bb][\/et_pb_section]<\/p>","protected":false},"excerpt":{"rendered":"<p>Alquiler de salas de estudio Servicio de alquiler de salas de estudio en Reus\u00a0para ensayo de piano e instrumentos en general, con insonorizaci\u00f3n y privacidad para ensayar en tranquilidad.Disponemos de salas de estudio equipadas con uno o dos pianos de pared, atriles, sillas, reposapi\u00e9s de guitarra, espejos, aire acondicionado y luces con intensidad y calidez [&hellip;]<\/p>","protected":false},"author":3,"featured_media":232,"parent":0,"menu_order":0,"comment_status":"closed","ping_status":"closed","template":"","meta":{"_et_pb_use_builder":"on","_et_pb_old_content":"","_et_gb_content_width":"","_joinchat":[],"footnotes":""},"class_list":["post-143","page","type-page","status-publish","has-post-thumbnail","hentry"],"yoast_head":"<!-- This site is optimized with the Yoast SEO plugin v26.2 - https:\/\/yoast.com\/wordpress\/plugins\/seo\/ -->\n<title>Alquiler salas de estudio en Reus Tarragona Scherzo Music Centre<\/title>\n<meta name=\"description\" content=\"Alquiler salas de estudio en Reus con aislamiento ac\u00fastico para pr\u00e1ctica de piano y otros instrumentos musicales en las mejores condiciones.\" \/>\n<meta name=\"robots\" content=\"index, follow, max-snippet:-1, max-image-preview:large, max-video-preview:-1\" \/>\n<link rel=\"canonical\" href=\"https:\/\/scherzomusiccentre.com\/ca\/alquiler-salas-de-estudio-en-reus\/\" \/>\n<meta property=\"og:locale\" content=\"ca_ES\" \/>\n<meta property=\"og:type\" content=\"article\" \/>\n<meta property=\"og:title\" content=\"Alquiler salas de estudio en Reus Tarragona Scherzo Music Centre\" \/>\n<meta property=\"og:description\" content=\"Alquiler salas de estudio en Reus con aislamiento ac\u00fastico para pr\u00e1ctica de piano y otros instrumentos musicales en las mejores condiciones.\" \/>\n<meta property=\"og:url\" content=\"https:\/\/scherzomusiccentre.com\/ca\/alquiler-salas-de-estudio-en-reus\/\" \/>\n<meta property=\"og:site_name\" content=\"scherzomusiccentre.com\" \/>\n<meta property=\"article:publisher\" content=\"https:\/\/www.facebook.com\/scherzomusiccentre\/\" \/>\n<meta property=\"article:modified_time\" content=\"2024-11-25T08:28:38+00:00\" \/>\n<meta property=\"og:image\" content=\"https:\/\/scherzomusiccentre.com\/wp-content\/uploads\/2023\/02\/alquiler-salas-estudio-musica-1.jpg\" \/>\n\t<meta property=\"og:image:width\" content=\"2560\" \/>\n\t<meta property=\"og:image:height\" content=\"819\" \/>\n\t<meta property=\"og:image:type\" content=\"image\/jpeg\" \/>\n<meta name=\"twitter:card\" content=\"summary_large_image\" \/>\n<meta name=\"twitter:label1\" content=\"Temps estimat de lectura\" \/>\n\t<meta name=\"twitter:data1\" content=\"4 minuts\" \/>\n<script type=\"application\/ld+json\" class=\"yoast-schema-graph\">{\"@context\":\"https:\/\/schema.org\",\"@graph\":[{\"@type\":\"WebPage\",\"@id\":\"https:\/\/scherzomusiccentre.com\/alquiler-salas-de-estudio-en-reus\/\",\"url\":\"https:\/\/scherzomusiccentre.com\/alquiler-salas-de-estudio-en-reus\/\",\"name\":\"Alquiler salas de estudio en Reus Tarragona Scherzo Music Centre\",\"isPartOf\":{\"@id\":\"https:\/\/scherzomusiccentre.com\/#website\"},\"primaryImageOfPage\":{\"@id\":\"https:\/\/scherzomusiccentre.com\/alquiler-salas-de-estudio-en-reus\/#primaryimage\"},\"image\":{\"@id\":\"https:\/\/scherzomusiccentre.com\/alquiler-salas-de-estudio-en-reus\/#primaryimage\"},\"thumbnailUrl\":\"https:\/\/scherzomusiccentre.com\/wp-content\/uploads\/2023\/02\/alquiler-salas-estudio-musica-1.jpg\",\"datePublished\":\"2023-02-03T18:51:12+00:00\",\"dateModified\":\"2024-11-25T08:28:38+00:00\",\"description\":\"Alquiler salas de estudio en Reus con aislamiento ac\u00fastico para pr\u00e1ctica de piano y otros instrumentos musicales en las mejores condiciones.\",\"breadcrumb\":{\"@id\":\"https:\/\/scherzomusiccentre.com\/alquiler-salas-de-estudio-en-reus\/#breadcrumb\"},\"inLanguage\":\"ca\",\"potentialAction\":[{\"@type\":\"ReadAction\",\"target\":[\"https:\/\/scherzomusiccentre.com\/alquiler-salas-de-estudio-en-reus\/\"]}]},{\"@type\":\"ImageObject\",\"inLanguage\":\"ca\",\"@id\":\"https:\/\/scherzomusiccentre.com\/alquiler-salas-de-estudio-en-reus\/#primaryimage\",\"url\":\"https:\/\/scherzomusiccentre.com\/wp-content\/uploads\/2023\/02\/alquiler-salas-estudio-musica-1.jpg\",\"contentUrl\":\"https:\/\/scherzomusiccentre.com\/wp-content\/uploads\/2023\/02\/alquiler-salas-estudio-musica-1.jpg\",\"width\":2560,\"height\":819,\"caption\":\"alquiler salas estudio musica 1\"},{\"@type\":\"BreadcrumbList\",\"@id\":\"https:\/\/scherzomusiccentre.com\/alquiler-salas-de-estudio-en-reus\/#breadcrumb\",\"itemListElement\":[{\"@type\":\"ListItem\",\"position\":1,\"name\":\"Portada\",\"item\":\"https:\/\/scherzomusiccentre.com\/\"},{\"@type\":\"ListItem\",\"position\":2,\"name\":\"Alquiler salas de estudio en Reus Tarragona\"}]},{\"@type\":\"WebSite\",\"@id\":\"https:\/\/scherzomusiccentre.com\/#website\",\"url\":\"https:\/\/scherzomusiccentre.com\/\",\"name\":\"scherzomusiccentre.com\",\"description\":\"Escuela de m\u00fasica y Salas de Eventos\",\"publisher\":{\"@id\":\"https:\/\/scherzomusiccentre.com\/#organization\"},\"alternateName\":\"Scherzo MC\",\"potentialAction\":[{\"@type\":\"SearchAction\",\"target\":{\"@type\":\"EntryPoint\",\"urlTemplate\":\"https:\/\/scherzomusiccentre.com\/?s={search_term_string}\"},\"query-input\":{\"@type\":\"PropertyValueSpecification\",\"valueRequired\":true,\"valueName\":\"search_term_string\"}}],\"inLanguage\":\"ca\"},{\"@type\":\"Organization\",\"@id\":\"https:\/\/scherzomusiccentre.com\/#organization\",\"name\":\"Scherzo Music Centre Escuela de Musica y Centro de Eventos\",\"url\":\"https:\/\/scherzomusiccentre.com\/\",\"logo\":{\"@type\":\"ImageObject\",\"inLanguage\":\"ca\",\"@id\":\"https:\/\/scherzomusiccentre.com\/#\/schema\/logo\/image\/\",\"url\":\"https:\/\/scherzomusiccentre.com\/wp-content\/uploads\/2023\/02\/84eef3d1906a04233e5e1d08726e98e4_668x244.jpg\",\"contentUrl\":\"https:\/\/scherzomusiccentre.com\/wp-content\/uploads\/2023\/02\/84eef3d1906a04233e5e1d08726e98e4_668x244.jpg\",\"width\":668,\"height\":244,\"caption\":\"Scherzo Music Centre Escuela de Musica y Centro de Eventos\"},\"image\":{\"@id\":\"https:\/\/scherzomusiccentre.com\/#\/schema\/logo\/image\/\"},\"sameAs\":[\"https:\/\/www.facebook.com\/scherzomusiccentre\/\",\"https:\/\/www.instagram.com\/scherzomusiccentre\/?hl=es\"]}]}<\/script>\n<!-- \/ Yoast SEO plugin. -->","yoast_head_json":{"title":"Alquiler salas de estudio en Reus Tarragona Scherzo Music Centre","description":"Alquiler salas de estudio en Reus con aislamiento ac\u00fastico para pr\u00e1ctica de piano y otros instrumentos musicales en las mejores condiciones.","robots":{"index":"index","follow":"follow","max-snippet":"max-snippet:-1","max-image-preview":"max-image-preview:large","max-video-preview":"max-video-preview:-1"},"canonical":"https:\/\/scherzomusiccentre.com\/ca\/alquiler-salas-de-estudio-en-reus\/","og_locale":"ca_ES","og_type":"article","og_title":"Alquiler salas de estudio en Reus Tarragona Scherzo Music Centre","og_description":"Alquiler salas de estudio en Reus con aislamiento ac\u00fastico para pr\u00e1ctica de piano y otros instrumentos musicales en las mejores condiciones.","og_url":"https:\/\/scherzomusiccentre.com\/ca\/alquiler-salas-de-estudio-en-reus\/","og_site_name":"scherzomusiccentre.com","article_publisher":"https:\/\/www.facebook.com\/scherzomusiccentre\/","article_modified_time":"2024-11-25T08:28:38+00:00","og_image":[{"width":2560,"height":819,"url":"https:\/\/scherzomusiccentre.com\/wp-content\/uploads\/2023\/02\/alquiler-salas-estudio-musica-1.jpg","type":"image\/jpeg"}],"twitter_card":"summary_large_image","twitter_misc":{"Temps estimat de lectura":"4 minuts"},"schema":{"@context":"https:\/\/schema.org","@graph":[{"@type":"WebPage","@id":"https:\/\/scherzomusiccentre.com\/alquiler-salas-de-estudio-en-reus\/","url":"https:\/\/scherzomusiccentre.com\/alquiler-salas-de-estudio-en-reus\/","name":"Alquiler salas de estudio en Reus Tarragona Scherzo Music Centre","isPartOf":{"@id":"https:\/\/scherzomusiccentre.com\/#website"},"primaryImageOfPage":{"@id":"https:\/\/scherzomusiccentre.com\/alquiler-salas-de-estudio-en-reus\/#primaryimage"},"image":{"@id":"https:\/\/scherzomusiccentre.com\/alquiler-salas-de-estudio-en-reus\/#primaryimage"},"thumbnailUrl":"https:\/\/scherzomusiccentre.com\/wp-content\/uploads\/2023\/02\/alquiler-salas-estudio-musica-1.jpg","datePublished":"2023-02-03T18:51:12+00:00","dateModified":"2024-11-25T08:28:38+00:00","description":"Alquiler salas de estudio en Reus con aislamiento ac\u00fastico para pr\u00e1ctica de piano y otros instrumentos musicales en las mejores condiciones.","breadcrumb":{"@id":"https:\/\/scherzomusiccentre.com\/alquiler-salas-de-estudio-en-reus\/#breadcrumb"},"inLanguage":"ca","potentialAction":[{"@type":"ReadAction","target":["https:\/\/scherzomusiccentre.com\/alquiler-salas-de-estudio-en-reus\/"]}]},{"@type":"ImageObject","inLanguage":"ca","@id":"https:\/\/scherzomusiccentre.com\/alquiler-salas-de-estudio-en-reus\/#primaryimage","url":"https:\/\/scherzomusiccentre.com\/wp-content\/uploads\/2023\/02\/alquiler-salas-estudio-musica-1.jpg","contentUrl":"https:\/\/scherzomusiccentre.com\/wp-content\/uploads\/2023\/02\/alquiler-salas-estudio-musica-1.jpg","width":2560,"height":819,"caption":"alquiler salas estudio musica 1"},{"@type":"BreadcrumbList","@id":"https:\/\/scherzomusiccentre.com\/alquiler-salas-de-estudio-en-reus\/#breadcrumb","itemListElement":[{"@type":"ListItem","position":1,"name":"Portada","item":"https:\/\/scherzomusiccentre.com\/"},{"@type":"ListItem","position":2,"name":"Alquiler salas de estudio en Reus Tarragona"}]},{"@type":"WebSite","@id":"https:\/\/scherzomusiccentre.com\/#website","url":"https:\/\/scherzomusiccentre.com\/","name":"scherzomusiccentre.com","description":"Escuela de m\u00fasica y Salas de Eventos","publisher":{"@id":"https:\/\/scherzomusiccentre.com\/#organization"},"alternateName":"Scherzo MC","potentialAction":[{"@type":"SearchAction","target":{"@type":"EntryPoint","urlTemplate":"https:\/\/scherzomusiccentre.com\/?s={search_term_string}"},"query-input":{"@type":"PropertyValueSpecification","valueRequired":true,"valueName":"search_term_string"}}],"inLanguage":"ca"},{"@type":"Organization","@id":"https:\/\/scherzomusiccentre.com\/#organization","name":"Scherzo Music Centre Escuela de Musica y Centro de Eventos","url":"https:\/\/scherzomusiccentre.com\/","logo":{"@type":"ImageObject","inLanguage":"ca","@id":"https:\/\/scherzomusiccentre.com\/#\/schema\/logo\/image\/","url":"https:\/\/scherzomusiccentre.com\/wp-content\/uploads\/2023\/02\/84eef3d1906a04233e5e1d08726e98e4_668x244.jpg","contentUrl":"https:\/\/scherzomusiccentre.com\/wp-content\/uploads\/2023\/02\/84eef3d1906a04233e5e1d08726e98e4_668x244.jpg","width":668,"height":244,"caption":"Scherzo Music Centre Escuela de Musica y Centro de Eventos"},"image":{"@id":"https:\/\/scherzomusiccentre.com\/#\/schema\/logo\/image\/"},"sameAs":["https:\/\/www.facebook.com\/scherzomusiccentre\/","https:\/\/www.instagram.com\/scherzomusiccentre\/?hl=es"]}]}},"_links":{"self":[{"href":"https:\/\/scherzomusiccentre.com\/ca\/wp-json\/wp\/v2\/pages\/143","targetHints":{"allow":["GET"]}}],"collection":[{"href":"https:\/\/scherzomusiccentre.com\/ca\/wp-json\/wp\/v2\/pages"}],"about":[{"href":"https:\/\/scherzomusiccentre.com\/ca\/wp-json\/wp\/v2\/types\/page"}],"author":[{"embeddable":true,"href":"https:\/\/scherzomusiccentre.com\/ca\/wp-json\/wp\/v2\/users\/3"}],"replies":[{"embeddable":true,"href":"https:\/\/scherzomusiccentre.com\/ca\/wp-json\/wp\/v2\/comments?post=143"}],"version-history":[{"count":20,"href":"https:\/\/scherzomusiccentre.com\/ca\/wp-json\/wp\/v2\/pages\/143\/revisions"}],"predecessor-version":[{"id":207457,"href":"https:\/\/scherzomusiccentre.com\/ca\/wp-json\/wp\/v2\/pages\/143\/revisions\/207457"}],"wp:featuredmedia":[{"embeddable":true,"href":"https:\/\/scherzomusiccentre.com\/ca\/wp-json\/wp\/v2\/media\/232"}],"wp:attachment":[{"href":"https:\/\/scherzomusiccentre.com\/ca\/wp-json\/wp\/v2\/media?parent=143"}],"curies":[{"name":"wp","href":"https:\/\/api.w.org\/{rel}","templated":true}]}}